{"id":117,"date":"2019-01-07T23:24:45","date_gmt":"2019-01-07T22:24:45","guid":{"rendered":"http:\/\/epionier.imaggo-work.pl\/?page_id=117"},"modified":"2021-01-28T11:56:36","modified_gmt":"2021-01-28T10:56:36","slug":"nabor-drugi","status":"publish","type":"page","link":"https:\/\/excento.pl\/e-pionier\/nabor-drugi\/","title":{"rendered":"Nab\u00f3r drugi"},"content":{"rendered":"\n\t<h2>\n\t\t\t\tNab\u00f3r e-Pionier II\n\t\t\t<\/h2>\n\t<a href=\"\/e-pionier\/e-pionier-2\" target=\"_self\" rel=\"noopener noreferrer\"><\/a> \n\t\t<h6>Wr\u00f3\u0107 do e-Pionier II<\/h6>\t\t\t\n\t<h3>\n\t\t\t\tZespo\u0142y interdyscyplinarne\n\t\t\t<\/h3>\n\t\t\t\t\t\t<h4 tabindex=\"0\">7. nab\u00f3r zespo\u0142\u00f3w interdyscyplinarnych w projekcie e-Pionier 28.05.2020 (zako\u0144czony) <\/h4>\n\t\t\t<p>Trwa si\u00f3dmy<b>\u00a0nab\u00f3r<\/b> Zespo\u0142\u00f3w Interdyscyplinarnych w projekcie e-Pionier. Na zg\u0142oszenia zespo\u0142\u00f3w gotowych do rozwi\u0105zania aktywnych wyzwa\u0144 spo\u0142eczno-gospodarczych zg\u0142oszonych przez Podmioty Publiczne czekamy <strong>do dnia 18 czerwca 2020 roku.\u00a0<\/strong><b><\/b><\/p>\n<p>Zespo\u0142y interdyscyplinarne mog\u0105 ubiega\u0107 si\u0119 o 500 tys. z\u0142, a projekt mo\u017ce by\u0107 realizowany maksymalnie przez 8 miesi\u0119cy.\u00a0<\/p>\n<p>Powy\u017csza kwota mo\u017ce ulec zmianie, w zale\u017cno\u015bci od rozdysponowania \u015brodk\u00f3w w naborze 6.<\/p>\n<p>Lista aktywnych problem\u00f3w znajduje si\u0119 w zak\u0142adce:\u00a0<a href=\"http:\/\/excento.pl\/e-pionier\/wyzwania-e-pionier-2\/\">&#8220;Wyzwania e-Pionier II\u201d<\/a><\/p>\n<p>Serdecznie zapraszamy wszystkich ch\u0119tnych!<\/p>\n<hr \/>\n<p><b>Etap I naboru:<\/b> Zg\u0142oszenie Zespo\u0142u jest mo\u017cliwe tylko i wy\u0142\u0105cznie poprzez wype\u0142nienie i przes\u0142anie do nas wype\u0142nionych dokument\u00f3w aplikacyjnych. Wszystkie aktualne dokumenty reguluj\u0105ce udzia\u0142 w Projekcie e-Pionier w tym &#8220;Regulamin uczestnictwa w Projekcie e-Pionier&#8221; znajduj\u0105 si\u0119 w zak\u0142adce <a href=\"http:\/\/excento.pl\/e-pionier\/informacje-i-dokumenty-e-pionier-2\/\">&#8220;Informacje i Dokumenty\u201d<\/a><\/p>\n<p>Protok\u00f3\u0142 wyboru Zespo\u0142\u00f3w, kt\u00f3re przesz\u0142y pozytywn\u0105 weryfikacj\u0119 w ramach etapu I i zosta\u0142y zakwalifikowane do etapu II:<\/p>\n<p><a href=\"https:\/\/excento.pl\/e-pionier\/wp-content\/uploads\/2020\/11\/Protokol-wyboru-etap_I-Wityk.pdf\">Protok\u00f3\u0142 wyboru_zesp\u00f3\u0142 I (plik do pobrania)<\/a><\/p>\n<p><a href=\"https:\/\/excento.pl\/e-pionier\/wp-content\/uploads\/2020\/11\/Protokol-wyboru_etap-I_KOR.pdf\">Protok\u00f3\u0142 wyboru_zesp\u00f3\u0142 II (plik do pobrania)<\/a><\/p>\n<hr \/>\n<p><b>Etap II naboru:<\/b> <b>Cykl Konferencji<\/b> dla Zespo\u0142\u00f3w, kt\u00f3re zakwalifikowa\u0142y si\u0119 do II etapu naboru, zaplanowany jest na ok. 1,5 tygodnia od dnia zamkni\u0119cia naboru (szczeg\u00f3\u0142owy harmonogram spotka\u0144 zostanie opublikowany w p\u00f3\u017aniejszym terminie). Konferencje odbywa\u0107 si\u0119 b\u0119d\u0105 <b>zdalnie.<\/b><\/p>\n<p>Aktualny harmonogram konferencji (plik do pobrania)<\/p>\n<p>Szczeg\u00f3\u0142owy opis konferencji (plik do pobrania)<\/p>\n<p>Protok\u00f3\u0142 wyboru Zespo\u0142\u00f3w, kt\u00f3re przesz\u0142y pozytywn\u0105 weryfikacj\u0119 w ramach etapu II i zosta\u0142y zakwalifikowane do etapu III:<\/p>\n<p><a href=\"https:\/\/excento.pl\/e-pionier\/wp-content\/uploads\/2020\/11\/Protokol-wyboru-etap-II-Wityk.pdf\">Protok\u00f3\u0142 wyboru_zesp\u00f3\u0142 I (plik do pobrania)<\/a><\/p>\n<p><a href=\"https:\/\/excento.pl\/e-pionier\/wp-content\/uploads\/2020\/11\/Protokol-wyboru_etap-II_KOR.pdf\">Protok\u00f3\u0142 wyboru_zesp\u00f3\u0142 II (plik do pobrania)<\/a><\/p>\n<hr \/>\n<p><b>Etap III naboru:<\/b> <b>Komitet Inwestycyjny<\/b> dla Zespo\u0142\u00f3w, kt\u00f3re zakwalifikowa\u0142y si\u0119 do III etapu naboru odb\u0119dzie w siedzibie <b>EXCENTO, al. Zwyci\u0119stwa 27.\u00a0<\/b><\/p>\n<p>Protok\u00f3\u0142 wyboru Zespo\u0142\u00f3w, kt\u00f3re przesz\u0142y pozytywn\u0105 weryfikacj\u0119 w ramach etapu III i zosta\u0142y rekomendowane do dofinansowania:<\/p>\n<p><a href=\"https:\/\/excento.pl\/e-pionier\/wp-content\/uploads\/2020\/11\/Protokol-wyboru-etap-III-Wityk.pdf\">Protok\u00f3\u0142 wyboru_zesp\u00f3\u0142 I (plik do pobrania)<\/a><\/p>\n<p><a href=\"https:\/\/excento.pl\/e-pionier\/wp-content\/uploads\/2020\/11\/Protokol-wyboru_etap-III_KOR.pdf\">Protok\u00f3\u0142 wyboru_etap III_KOR<\/a><\/p>\n\t\t\t\t\t\t<h4 tabindex=\"0\">6. nab\u00f3r zespo\u0142\u00f3w interdyscyplinarnych w projekcie e-Pionier 01.04.2020 (zako\u0144czony) <\/h4>\n\t\t\t<p>Trwa sz\u00f3sty<b>\u00a0nab\u00f3r<\/b> Zespo\u0142\u00f3w Interdyscyplinarnych w projekcie e-Pionier. Na zg\u0142oszenia zespo\u0142\u00f3w gotowych do rozwi\u0105zania aktywnych wyzwa\u0144 spo\u0142eczno-gospodarczych zg\u0142oszonych przez Podmioty Publiczne czekamy <strong>do dnia 18 kwietnia 2020 roku.\u00a0<\/strong><b><\/b><\/p>\n<p>Zespo\u0142y interdyscyplinarne mog\u0105 ubiega\u0107 si\u0119 o 500 tys. z\u0142, a projekt mo\u017ce by\u0107 realizowany maksymalnie przez 8 miesi\u0119cy.\u00a0<\/p>\n<p>Powy\u017csza kwota mo\u017ce ulec zmianie, w zale\u017cno\u015bci od rozdysponowania \u015brodk\u00f3w w naborze 5.<\/p>\n<p>Lista aktywnych problem\u00f3w znajduje si\u0119 w zak\u0142adce:\u00a0<a href=\"http:\/\/excento.pl\/e-pionier\/wyzwania-e-pionier-2\/\">&#8220;Wyzwania e-Pionier II\u201d<\/a><\/p>\n<p>Serdecznie zapraszamy wszystkich ch\u0119tnych!<\/p>\n<hr \/>\n<p><b>Etap I naboru:<\/b> Zg\u0142oszenie Zespo\u0142u jest mo\u017cliwe tylko i wy\u0142\u0105cznie poprzez wype\u0142nienie i przes\u0142anie do nas wype\u0142nionych dokument\u00f3w aplikacyjnych. Wszystkie aktualne dokumenty reguluj\u0105ce udzia\u0142 w Projekcie e-Pionier w tym &#8220;Regulamin uczestnictwa w Projekcie e-Pionier&#8221; znajduj\u0105 si\u0119 w zak\u0142adce <a href=\"http:\/\/excento.pl\/e-pionier\/informacje-i-dokumenty-e-pionier-2\/\">&#8220;Informacje i Dokumenty\u201d<\/a><\/p>\n<p>Protok\u00f3\u0142 wyboru Zespo\u0142\u00f3w, kt\u00f3re przesz\u0142y pozytywn\u0105 weryfikacj\u0119 w ramach etapu I i zosta\u0142y zakwalifikowane do etapu II:<\/p>\n<p><a href=\"https:\/\/excento.pl\/e-pionier\/wp-content\/uploads\/2020\/11\/Protokol-wyboru-etap-I_Rogala.pdf\">Protok\u00f3\u0142 wyboru_zesp\u00f3\u0142 I (plik do pobrania)<\/a><\/p>\n<p><a href=\"https:\/\/excento.pl\/e-pionier\/wp-content\/uploads\/2020\/11\/Protokol-wyboru-etapu-I_Szymanski.pdf\">Protok\u00f3\u0142 wyboru_zesp\u00f3\u0142 II (plik do pobrania)<\/a><\/p>\n<p><a href=\"https:\/\/excento.pl\/e-pionier\/wp-content\/uploads\/2020\/11\/Protokol-wyboru_etap-I_Dziubich.pdf\">Protok\u00f3\u0142 wyboru_zesp\u00f3\u0142 III (plik do pobrania)<\/a><\/p>\n<p><a href=\"https:\/\/excento.pl\/e-pionier\/wp-content\/uploads\/2020\/11\/Protokol-wyboru_etap-I_Chybicki.pdf\">Protok\u00f3\u0142 wyboru_zesp\u00f3\u0142 IV (plik do pobrania)<\/a><\/p>\n<hr \/>\n<p><b>Etap II naboru:<\/b> <b>Cykl Konferencji<\/b> dla Zespo\u0142\u00f3w, kt\u00f3re zakwalifikowa\u0142y si\u0119 do II etapu naboru, zaplanowany jest na ok. 1,5 miesi\u0105ca od dnia zamkni\u0119cia naboru (szczeg\u00f3\u0142owy harmonogram spotka\u0144 zostanie opublikowany w p\u00f3\u017aniejszym terminie). Konferencje odbywa\u0107 si\u0119 b\u0119d\u0105 <b>zdalnie.<\/b><\/p>\n<p><a href=\"http:\/\/excento.pl\/e-pionier\/wp-content\/uploads\/2020\/04\/Harmonogram-V-edycji.pdf\">Aktualny harmonogram konferencji (plik do pobrania)<\/a><\/p>\n<p><a href=\"http:\/\/excento.pl\/e-pionier\/wp-content\/uploads\/2020\/04\/Szczeg\u00f3\u0142owy-opis-konferencji.pdf\">Szczeg\u00f3\u0142owy opis konferencji (plik do pobrania)<\/a><\/p>\n<p>Protok\u00f3\u0142 wyboru Zespo\u0142\u00f3w, kt\u00f3re przesz\u0142y pozytywn\u0105 weryfikacj\u0119 w ramach etapu II i zosta\u0142y zakwalifikowane do etapu III:<\/p>\n<p><a href=\"https:\/\/excento.pl\/e-pionier\/wp-content\/uploads\/2020\/11\/Protokol-wyboru-etapu-II_Rogala.pdf\">Protok\u00f3\u0142 wyboru_zesp\u00f3\u0142 I (plik do pobrania)<\/a><\/p>\n<p><a href=\"https:\/\/excento.pl\/e-pionier\/wp-content\/uploads\/2020\/11\/Protokol-wyboru-etap-II_Szymanski.pdf\">Protok\u00f3\u0142 wyboru_zesp\u00f3\u0142 II (plik do pobrania)<\/a><\/p>\n<p><a href=\"https:\/\/excento.pl\/e-pionier\/wp-content\/uploads\/2020\/11\/Protokol-wyboru_etap-II_Dziubich.pdf\">Protok\u00f3\u0142 wyboru_zesp\u00f3\u0142 III (plik do pobrania)<\/a><\/p>\n<p><a href=\"https:\/\/excento.pl\/e-pionier\/wp-content\/uploads\/2020\/11\/Protokol-wyboru_etap-II_Chybicki.pdf\">Protok\u00f3\u0142 wyboru_zesp\u00f3\u0142 IV (plik do pobrania)<\/a><\/p>\n<hr \/>\n<p><b>Etap III naboru:<\/b> <b>Komitet Inwestycyjny<\/b> dla Zespo\u0142\u00f3w, kt\u00f3re zakwalifikowa\u0142y si\u0119 do III etapu naboru odb\u0119dzie w siedzibie <b>EXCENTO, al. Zwyci\u0119stwa 27.\u00a0<\/b><\/p>\n<p>Protok\u00f3\u0142 wyboru Zespo\u0142\u00f3w, kt\u00f3re przesz\u0142y pozytywn\u0105 weryfikacj\u0119 w ramach etapu III i zosta\u0142y rekomendowane do dofinansowania:<\/p>\n<p><a href=\"https:\/\/excento.pl\/e-pionier\/wp-content\/uploads\/2020\/11\/Protokol-wyboru-etap-III_Rogala.pdf\">Protok\u00f3\u0142 wyboru_zesp\u00f3\u0142 I (plik do pobrania)<\/a><\/p>\n<p><a href=\"https:\/\/excento.pl\/e-pionier\/wp-content\/uploads\/2020\/11\/Protokol-wyboru-etap-III_Szymanski.pdf\">Protok\u00f3\u0142 wyboru_zesp\u00f3\u0142 II (plik do pobrania)<\/a><\/p>\n<p><a href=\"https:\/\/excento.pl\/e-pionier\/wp-content\/uploads\/2020\/11\/Protokol-wyboru_etap-III_Dziubich.pdf\">Protok\u00f3\u0142 wyboru_zesp\u00f3\u0142 III (plik do pobrania)<\/a><\/p>\n<p><a href=\"https:\/\/excento.pl\/e-pionier\/wp-content\/uploads\/2020\/11\/Protokol-wyboru_etap-III_Chybicki.pdf\">Protok\u00f3\u0142 wyboru_zesp\u00f3\u0142 IV (plik do pobrania)<\/a><\/p>\n\t\t\t\t\t\t<h4 tabindex=\"0\">5. nab\u00f3r zespo\u0142\u00f3w interdyscyplinarnych w projekcie e-Pionier 07.02.2020 (zako\u0144czony) <\/h4>\n\t\t\t<p>Trwa\u00a0<b>pi\u0105ty nab\u00f3r<\/b> Zespo\u0142\u00f3w Interdyscyplinarnych w projekcie e-Pionier. Na zg\u0142oszenia zespo\u0142\u00f3w gotowych do rozwi\u0105zania aktywnych wyzwa\u0144 spo\u0142eczno-gospodarczych zg\u0142oszonych przez Podmioty Publiczne czekamy do dnia 28 lutego 2020 roku. <strong>Informujemy, \u017ce termin naboru zosta\u0142 wyd\u0142u\u017cony do dnia 11 marca 2020 roku.<\/strong><b><\/b><\/p>\n<p><b>Informujemy, \u017ce w ramach tej rundy, zespo\u0142y interdyscyplinarne mog\u0105 ubiega\u0107 si\u0119 o 1 mln z\u0142, a projekt mo\u017ce by\u0107 realizowany maksymalnie przez 8 miesi\u0119cy.<\/b><\/p>\n<p>Lista aktywnych problem\u00f3w znajduje si\u0119 w zak\u0142adce:\u00a0<a href=\"http:\/\/excento.pl\/e-pionier\/wyzwania-e-pionier-2\/\">&#8220;Wyzwania e-Pionier II\u201d<\/a><\/p>\n<p>Serdecznie zapraszamy wszystkich ch\u0119tnych!<\/p>\n<hr \/>\n<p><b>Etap I naboru:<\/b> Zg\u0142oszenie Zespo\u0142u jest mo\u017cliwe tylko i wy\u0142\u0105cznie poprzez wype\u0142nienie i przes\u0142anie do nas wype\u0142nionych dokument\u00f3w aplikacyjnych. Wszystkie aktualne dokumenty reguluj\u0105ce udzia\u0142 w Projekcie e-Pionier w tym &#8220;Regulamin uczestnictwa w Projekcie e-Pionier&#8221; znajduj\u0105 si\u0119 w zak\u0142adce <a href=\"http:\/\/excento.pl\/e-pionier\/informacje-i-dokumenty-e-pionier-2\/\">&#8220;Informacje i Dokumenty\u201d<\/a><\/p>\n<p>Protok\u00f3\u0142 wyboru Zespo\u0142\u00f3w, kt\u00f3re przesz\u0142y pozytywn\u0105 weryfikacj\u0119 w ramach etapu I i zosta\u0142y zakwalifikowane do etapu II:<\/p>\n<p><a href=\"https:\/\/excento.pl\/e-pionier\/wp-content\/uploads\/2020\/11\/Protokol-wyboru_etap-I_Stencel.pdf\">Protok\u00f3\u0142 wyboru_zesp\u00f3\u0142 I (plik do pobrania)<\/a><\/p>\n<p><a href=\"https:\/\/excento.pl\/e-pionier\/wp-content\/uploads\/2020\/11\/Protokol-wyboru_etap-I_Vetulani.pdf\">Protok\u00f3\u0142 wyboru_zesp\u00f3\u0142 II (plik do pobrania)<\/a><\/p>\n<p><a href=\"https:\/\/excento.pl\/e-pionier\/wp-content\/uploads\/2020\/11\/Protokol-wyboru_etap-I_Drozdz-1.pdf\">Protok\u00f3\u0142 wyboru_zesp\u00f3\u0142 III (plik do pobrania)<\/a><\/p>\n<p><a href=\"https:\/\/excento.pl\/e-pionier\/wp-content\/uploads\/2020\/11\/Protokol-wyboru_etap-I_Macuk.pdf\">Protok\u00f3\u0142 wyboru_zesp\u00f3\u0142 IV (plik do pobrania)<\/a><\/p>\n<p><a href=\"https:\/\/excento.pl\/e-pionier\/wp-content\/uploads\/2021\/01\/Protokol-wyboru_etap-I_Flizikowski.pdf\">Protok\u00f3\u0142 wyboru_zesp\u00f3\u0142 V (plik do pobrania)<\/a><\/p>\n<hr \/>\n<p><b>Etap II naboru:<\/b> <b>Cykl Konferencji<\/b> dla Zespo\u0142\u00f3w, kt\u00f3re zakwalifikowa\u0142y si\u0119 do II etapu naboru, zaplanowany jest na ok. 1,5 miesi\u0105ca od dnia zamkni\u0119cia naboru (szczeg\u00f3\u0142owy harmonogram spotka\u0144 zostanie opublikowany w p\u00f3\u017aniejszym terminie). Konferencje odbywa\u0107 si\u0119 b\u0119d\u0105 <b>zdalnie.<\/b><\/p>\n<p><a href=\"http:\/\/excento.pl\/e-pionier\/wp-content\/uploads\/2020\/03\/Harmonogram-IV-edycji.pdf\">Aktualny harmonogram konferencji (plik do pobrania)<\/a><\/p>\n<p><a href=\"http:\/\/excento.pl\/e-pionier\/wp-content\/uploads\/2020\/03\/Szczeg\u00f3\u0142owy-opis-konferencji.pdf\">Szczeg\u00f3\u0142owy opis konferencji (plik do pobrania)<\/a><\/p>\n<p>Protok\u00f3\u0142 wyboru Zespo\u0142\u00f3w, kt\u00f3re przesz\u0142y pozytywn\u0105 weryfikacj\u0119 w ramach etapu II i zosta\u0142y zakwalifikowane do etapu III:<\/p>\n<p><a href=\"https:\/\/excento.pl\/e-pionier\/wp-content\/uploads\/2021\/01\/Protokol-wyboru_etap-II_Stencel.pdf\">Protok\u00f3\u0142 wyboru_zesp\u00f3\u0142 I (plik do pobrania)<\/a><\/p>\n<p><a href=\"https:\/\/excento.pl\/e-pionier\/wp-content\/uploads\/2021\/01\/Protokol-wyboru_etap-II_Vetulani.pdf\">Protok\u00f3\u0142 wyboru_zesp\u00f3\u0142 II (plik do pobrania)<\/a><\/p>\n<p><a href=\"https:\/\/excento.pl\/e-pionier\/wp-content\/uploads\/2021\/01\/Protokol-wyboru_etap-II_Drozdz.pdf\">Protok\u00f3\u0142 wyboru_zesp\u00f3\u0142 III (plik do pobrania)<\/a><\/p>\n<p><a href=\"https:\/\/excento.pl\/e-pionier\/wp-content\/uploads\/2021\/01\/Protokol-wyboru_etap-II-Macuk.pdf\" target=\"_blank\" rel=\"noopener noreferrer\">Protok\u00f3\u0142 wyboru_zesp\u00f3\u0142 IV (plik do pobrania)<\/a><\/p>\n<p><a href=\"https:\/\/excento.pl\/e-pionier\/wp-content\/uploads\/2021\/01\/Protokol-wyboru_etap-II_Flizikowski.pdf\">Protok\u00f3\u0142 wyboru_zesp\u00f3\u0142 V (plik do pobrania)<\/a><\/p>\n<hr \/>\n<p><b>Etap III naboru:<\/b> <b>Komitet Inwestycyjny<\/b> dla Zespo\u0142\u00f3w, kt\u00f3re zakwalifikowa\u0142y si\u0119 do III etapu naboru odb\u0119dzie w siedzibie <b>EXCENTO, al. Zwyci\u0119stwa 27.\u00a0<\/b><\/p>\n<p>Protok\u00f3\u0142 wyboru Zespo\u0142\u00f3w, kt\u00f3re przesz\u0142y pozytywn\u0105 weryfikacj\u0119 w ramach etapu III i zosta\u0142y rekomendowane do dofinansowania:<\/p>\n<p><a href=\"https:\/\/excento.pl\/e-pionier\/wp-content\/uploads\/2020\/11\/Protokol-wyboru_etap-III_Drozdz.pdf\">Protok\u00f3\u0142 wyboru_zesp\u00f3\u0142 III (plik do pobrania)<\/a><\/p>\n<p><a href=\"https:\/\/excento.pl\/e-pionier\/wp-content\/uploads\/2020\/11\/Protokol-wyboru_etap-III_Macuk-I-podejscie-1.pdf\">Protok\u00f3\u0142 wyboru_zesp\u00f3\u0142 IV (plik do pobrania) &#8211; I podej\u015bcie<\/a><\/p>\n<p><a href=\"https:\/\/excento.pl\/e-pionier\/wp-content\/uploads\/2020\/11\/Protokol-wyboru_etap-III_Macuk-II-podejscie.pdf\">Protok\u00f3\u0142 wyboru_zesp\u00f3\u0142 IV (plik do pobrania) &#8211; II podej\u015bcie<\/a><\/p>\n\t\t\t\t\t\t<h4 tabindex=\"0\">4. nab\u00f3r zespo\u0142\u00f3w interdyscyplinarnych w projekcie e-Pionier 07.10.2019 (zako\u0144czony)<\/h4>\n\t\t\t<p>Trwa\u00a0<b>czwarty nab\u00f3r<\/b> Zespo\u0142\u00f3w Interdyscyplinarnych w projekcie e-Pionier. Na zg\u0142oszenia zespo\u0142\u00f3w gotowych do rozwi\u0105zania aktywnych wyzwa\u0144 spo\u0142eczno-gospodarczych zg\u0142oszonych przez Podmioty Publiczne czekamy do dnia 31 pa\u017adziernika 2019r. Informujemy, \u017ce termin naboru zosta\u0142 wyd\u0142u\u017cony do dnia 30 listopada. <strong>Informujemy, \u017ce termin naboru zosta\u0142 ponownie wyd\u0142u\u017cony i potrwa do dnia 06 grudnia.<\/strong><b><\/b><\/p>\n<p>Lista aktywnych problem\u00f3w znajduje si\u0119 w zak\u0142adce:\u00a0<a href=\"http:\/\/excento.pl\/e-pionier\/wyzwania-e-pionier-2\/\">&#8220;Wyzwania e-Pionier II\u201d<\/a><\/p>\n<p>Serdecznie zapraszamy wszystkich ch\u0119tnych!<\/p>\n<hr \/>\n<p><b>Etap I naboru:<\/b> Zg\u0142oszenie Zespo\u0142u jest mo\u017cliwe tylko i wy\u0142\u0105cznie poprzez wype\u0142nienie i przes\u0142anie do nas wype\u0142nionych dokument\u00f3w aplikacyjnych. Wszystkie aktualne dokumenty reguluj\u0105ce udzia\u0142 w Projekcie e-Pionier w tym &#8220;Regulamin uczestnictwa w Projekcie e-Pionier&#8221; znajduj\u0105 si\u0119 w zak\u0142adce <a href=\"http:\/\/excento.pl\/e-pionier\/informacje-i-dokumenty-e-pionier-2\/\">&#8220;Informacje i Dokumenty\u201d<\/a><\/p>\n<p>Protok\u00f3\u0142 wyboru Zespo\u0142\u00f3w, kt\u00f3re przesz\u0142y pozytywn\u0105 weryfikacj\u0119 w ramach etapu I i zosta\u0142y zakwalifikowane do etapu II:<\/p>\n<p><a href=\"http:\/\/excento.pl\/e-pionier\/wp-content\/uploads\/2020\/01\/Protok\u00f3\u0142-wyboru_etap-I_GAIT.pdf\">Protok\u00f3\u0142 wyboru_zesp\u00f3\u0142 I (plik do pobrania)<\/a><\/p>\n<p><a href=\"http:\/\/excento.pl\/e-pionier\/wp-content\/uploads\/2020\/01\/Protok\u00f3\u0142-wyboru_etap-I_AWF.pdf\">Protok\u00f3\u0142 wyboru_zesp\u00f3\u0142 II (plik do pobrania)<\/a><\/p>\n<hr \/>\n<p><b>Etap II naboru:<\/b> <b>Cykl Konferencji<\/b> dla Zespo\u0142\u00f3w, kt\u00f3re zakwalifikowa\u0142y si\u0119 do II etapu naboru, zaplanowany jest na ok. 1,5 miesi\u0105ca od dnia zamkni\u0119cia naboru (szczeg\u00f3\u0142owy harmonogram spotka\u0144 zostanie opublikowany w p\u00f3\u017aniejszym terminie). Konferencje odbywa\u0107 si\u0119 b\u0119d\u0105 w budynkach<b> Wydzia\u0142u Elektroniki, Telekomunikacja i Informatyki Politechniki Gda\u0144skiej.<\/b><\/p>\n<p><a href=\"http:\/\/excento.pl\/e-pionier\/wp-content\/uploads\/2019\/11\/Harmonogram-III-edycji.pdf\">Aktualny harmonogram konferencji_aktualizacja (plik do pobrania)<\/a><\/p>\n<p><a href=\"http:\/\/excento.pl\/e-pionier\/wp-content\/uploads\/2019\/11\/Szczeg\u00f3\u0142owy-opis-konferencji.pdf\">Szczeg\u00f3\u0142owy opis konferencji (plik do pobrania)<\/a><\/p>\n<p>Protok\u00f3\u0142 wyboru Zespo\u0142\u00f3w, kt\u00f3re przesz\u0142y pozytywn\u0105 weryfikacj\u0119 w ramach etapu II i zosta\u0142y zakwalifikowane do etapu III:<\/p>\n<p><a href=\"https:\/\/excento.pl\/e-pionier\/wp-content\/uploads\/2021\/01\/Protokol-wyboru-etap-II_Czyzewicz.pdf\">Protok\u00f3\u0142 wyboru_zesp\u00f3\u0142 I (plik do pobrania)<\/a><\/p>\n<p><a href=\"https:\/\/excento.pl\/e-pionier\/wp-content\/uploads\/2021\/01\/Protokol-wyboru-etap-II_Ditrich.pdf\">Protok\u00f3\u0142 wyboru_zesp\u00f3\u0142 II (plik do pobrania)<\/a><\/p>\n<hr \/>\n<p><b>Etap III naboru:<\/b> <b>Komitet Inwestycyjny<\/b> dla Zespo\u0142\u00f3w, kt\u00f3re zakwalifikowa\u0142y si\u0119 do III etapu naboru odb\u0119dzie w siedzibie <b>EXCENTO, al. Zwyci\u0119stwa 27.\u00a0<\/b><\/p>\n<p>Protok\u00f3\u0142 wyboru Zespo\u0142\u00f3w, kt\u00f3re przesz\u0142y pozytywn\u0105 weryfikacj\u0119 w ramach etapu III i zosta\u0142y rekomendowane do dofinansowania:<\/p>\n<p><a href=\"https:\/\/excento.pl\/e-pionier\/wp-content\/uploads\/2020\/11\/Protokol-wyboru_etap-III_GAIT.pdf\">Protok\u00f3\u0142 wyboru_zesp\u00f3\u0142 I (plik do pobrania)<\/a><\/p>\n<p><a href=\"https:\/\/excento.pl\/e-pionier\/wp-content\/uploads\/2020\/11\/Protokol-wyboru-etap-III_AWF.pdf\">Protok\u00f3\u0142 wyboru_zesp\u00f3\u0142 II (plik do pobrania)<\/a><\/p>\n\t\t\t\t\t\t<h4 tabindex=\"0\">3. nab\u00f3r zespo\u0142\u00f3w interdyscyplinarnych w projekcie e-Pionier 12.08.2019 (zako\u0144czony) <\/h4>\n\t\t\t<p>Trwa\u00a0<b>trzeci nab\u00f3r<\/b> Zespo\u0142\u00f3w Interdyscyplinarnych w projekcie e-Pionier. Na zg\u0142oszenia zespo\u0142\u00f3w gotowych do rozwi\u0105zania aktywnych wyzwia\u0144 spo\u0142eczno-gospodarczych zg\u0142oszonych przez Podmioty Publiczne czekamy do dnia 30 sierpnia 2019r.\u00a0<b> <\/b><\/p>\n<p><b>Informujemy, \u017ce w ramach tej rundy, zespo\u0142y interdyscyplinarne mog\u0105 ubiega\u0107 si\u0119 o 750 tysi\u0119cy z\u0142, a projekt mo\u017ce by\u0107 realizowany przez okres 12 miesi\u0119cy.<\/b><\/p>\n<p>Lista aktywnych problem\u00f3w znajduje si\u0119 w zak\u0142adce:\u00a0<a href=\"http:\/\/excento.pl\/e-pionier\/wyzwania-e-pionier-2\/\">&#8220;Wyzwania e-Pionier II\u201d<\/a><\/p>\n<p>Serdecznie zapraszamy wszystkich ch\u0119tnych!<\/p>\n<hr \/>\n<p><b>Etap I naboru:<\/b> Zg\u0142oszenie Zespo\u0142u jest mo\u017cliwe tylko i wy\u0142\u0105cznie poprzez wype\u0142nienie i przes\u0142anie do nas wype\u0142nionych dokument\u00f3w aplikacyjnych. Wszystkie aktualne dokumenty reguluj\u0105ce udzia\u0142 w Projekcie e-Pionier w tym &#8220;Regulamin uczestnictwa w Projekcie e-Pionier&#8221; znajduj\u0105 si\u0119 w zak\u0142adce <a href=\"http:\/\/excento.pl\/e-pionier\/informacje-i-dokumenty-e-pionier-2\/\">&#8220;Informacje i Dokumenty\u201d<\/a><\/p>\n<p>Protok\u00f3\u0142 wyboru Zespo\u0142\u00f3w, kt\u00f3re przesz\u0142y pozytywn\u0105 weryfikacj\u0119 w ramach etapu I i zosta\u0142y zakwalifikowane do etapu II:<\/p>\n<p><a href=\"http:\/\/excento.pl\/e-pionier\/wp-content\/uploads\/2020\/01\/Protok\u00f3\u0142-wyboru_etap-I_G\u0119bicki.pdf\">Protok\u00f3\u0142 wyboru zesp\u00f3\u0142_I (plik do pobrania)<\/a><\/p>\n<hr \/>\n<p><b>Etap II naboru:<\/b> <b>Cykl Konferencji<\/b> dla Zespo\u0142\u00f3w, kt\u00f3re zakwalifikowa\u0142y si\u0119 do II etapu naboru, zaplanowany jest na ok. 1,5 miesi\u0105ca od dnia zamkni\u0119cia naboru (szczeg\u00f3\u0142owy harmonogram spotka\u0144 zostanie opublikowany w p\u00f3\u017aniejszym terminie). Konferencje odbywa\u0107 si\u0119 b\u0119d\u0105 w budynkach<b> Wydzia\u0142u Elektroniki, Telekomunikacja i Informatyki Politechniki Gda\u0144skiej.<\/b><\/p>\n<p>Protok\u00f3\u0142 wyboru Zespo\u0142\u00f3w, kt\u00f3re przesz\u0142y pozytywn\u0105 weryfikacj\u0119 w ramach etapu II i zosta\u0142y zakwalifikowane do etapu III:<\/p>\n<p><a href=\"https:\/\/excento.pl\/e-pionier\/wp-content\/uploads\/2021\/01\/Protokol-wyboru-etap-II_Gebicki_II-podejscie.pdf\">Protok\u00f3\u0142 wyboru zesp\u00f3\u0142_I (plik do pobrania)<\/a><\/p>\n<hr \/>\n<p><b>Etap III naboru:<\/b> <b>Komitet Inwestycyjny<\/b> dla Zespo\u0142\u00f3w, kt\u00f3re zakwalifikowa\u0142y si\u0119 do III etapu naboru odb\u0119dzie w siedzibie <b>EXCENTO, al. Zwyci\u0119stwa 27.\u00a0<\/b><\/p>\n<p>Protok\u00f3\u0142 wyboru Zespo\u0142\u00f3w, kt\u00f3re przesz\u0142y pozytywn\u0105 weryfikacj\u0119 w ramach etapu III i zosta\u0142y rekomendowane do dofinansowania:<\/p>\n<p><a href=\"http:\/\/excento.pl\/e-pionier\/wp-content\/uploads\/2020\/01\/Protok\u00f3\u0142-wyboru_etap-III_-G\u0119bicki.pdf\">Protok\u00f3\u0142 wyboru_zesp\u00f3\u0142 I (plik do pobrania)<\/a><\/p>\n\t\t\t\t\t\t<h4 tabindex=\"0\">2. nab\u00f3r zespo\u0142\u00f3w interdyscyplinarnych w projekcie e-Pionier 06.05.2019 (zako\u0144czony)<\/h4>\n\t\t\t<p>Trwa\u00a0<b>drugi nab\u00f3r<\/b> Zespo\u0142\u00f3w Interdyscyplinarnych w projekcie e-Pionier. Na zg\u0142oszenia zespo\u0142\u00f3w gotowych do rozwi\u0105zania aktywnych wyzwia\u0144 spo\u0142eczno-gospodarczych zg\u0142oszonych przez Podmioty Publiczne czekamy do dnia 17 maja 2019r.\u00a0<b> Informujemy, \u017ce nab\u00f3r zosta\u0142 wyd\u0142u\u017cony do dnia 07 czerwca 2019r.\u00a0<\/b><\/p>\n<p>Lista aktywnych problem\u00f3w znajduje si\u0119 w zak\u0142adce:\u00a0<a href=\"http:\/\/excento.pl\/e-pionier\/wyzwania-e-pionier-2\/\">&#8220;Wyzwania e-Pionier II\u201d<\/a><\/p>\n<p>Serdecznie zapraszamy wszystkich ch\u0119tnych!<\/p>\n<hr \/>\n<p><b>Etap I naboru:<\/b> Zg\u0142oszenie Zespo\u0142u jest mo\u017cliwe tylko i wy\u0142\u0105cznie poprzez wype\u0142nienie i przes\u0142anie do nas wype\u0142nionych dokument\u00f3w aplikacyjnych. Wszystkie aktualne dokumenty reguluj\u0105ce udzia\u0142 w Projekcie e-Pionier w tym &#8220;Regulamin uczestnictwa w Projekcie e-Pionier&#8221; znajduj\u0105 si\u0119 w zak\u0142adce <a href=\"http:\/\/excento.pl\/e-pionier\/informacje-i-dokumenty-e-pionier-2\/\">&#8220;Informacje i Dokumenty\u201d<\/a><\/p>\n<p>Protok\u00f3\u0142 wyboru Zespo\u0142\u00f3w, kt\u00f3re przesz\u0142y pozytywn\u0105 weryfikacj\u0119 w ramach etapu I i zosta\u0142y zakwalifikowane do etapu II:<\/p>\n<p><a href=\"http:\/\/excento.pl\/e-pionier\/wp-content\/uploads\/2019\/08\/Protok\u00f3\u0142-wyboru_etap_I_G\u0119bicki.pdf\">Protok\u00f3\u0142 wyboru_zesp\u00f3\u0142 I (plik do pobrania)<\/a><\/p>\n<p><a href=\"http:\/\/excento.pl\/e-pionier\/wp-content\/uploads\/2019\/08\/Protok\u00f3\u0142-wyboru_etap_I_Karpie\u0144ko.pdf\">Protok\u00f3\u0142 wyboru_zesp\u00f3\u0142 II (plik do pobrania)<\/a><\/p>\n<p><a href=\"http:\/\/excento.pl\/e-pionier\/wp-content\/uploads\/2019\/08\/Protok\u00f3\u0142-wyboru_etap_I_Narek.pdf\">Protok\u00f3\u0142 wyboru_zesp\u00f3\u0142 III (plik do pobrania)<\/a><\/p>\n<hr \/>\n<p><b>Etap II naboru:<\/b> <b>Cykl Konferencji<\/b> dla Zespo\u0142\u00f3w, kt\u00f3re zakwalifikowa\u0142y si\u0119 do II etapu naboru, zaplanowany jest na ok. 1,5 miesi\u0105ca od dnia zamkni\u0119cia naboru (szczeg\u00f3\u0142owy harmonogram spotka\u0144 zostanie opublikowany w p\u00f3\u017aniejszym terminie). Konferencje odbywa\u0107 si\u0119 b\u0119d\u0105 w budynkach<b> Wydzia\u0142u Elektroniki, Telekomunikacja i Informatyki Politechniki Gda\u0144skiej.<\/b><\/p>\n<p><a href=\"http:\/\/excento.pl\/e-pionier\/wp-content\/uploads\/2019\/07\/Harmonogram-II-edycji_aktualizacja.pdf\">Aktualny harmonogram konferencji_aktualizacja (plik do pobrania)<\/a><\/p>\n<p><a href=\"http:\/\/excento.pl\/e-pionier\/wp-content\/uploads\/2019\/04\/Szczeg\u00f3\u0142owy-opis-konferencji.pdf\">Szczeg\u00f3\u0142owy opis konferencji (plik do pobrania)<\/a><\/p>\n<p>Protok\u00f3\u0142 wyboru Zespo\u0142\u00f3w, kt\u00f3re przesz\u0142y pozytywn\u0105 weryfikacj\u0119 w ramach etapu II i zosta\u0142y zakwalifikowane do etapu III:<\/p>\n<p><a href=\"https:\/\/excento.pl\/e-pionier\/wp-content\/uploads\/2021\/01\/Protokol-wyboru_etap-II_Gebicki.pdf\">Protok\u00f3\u0142 wyboru_zesp\u00f3\u0142 I (plik do pobrania)<\/a><\/p>\n<p><a href=\"https:\/\/excento.pl\/e-pionier\/wp-content\/uploads\/2021\/01\/Protokol-wyboru-etap-II_Karpienko.pdf\">Protok\u00f3\u0142 wyboru_zesp\u00f3\u0142 II (plik do pobrania)<\/a><\/p>\n<p><a href=\"https:\/\/excento.pl\/e-pionier\/wp-content\/uploads\/2021\/01\/Protokol-wyboru_etap-II_Narek.pdf\">Protok\u00f3\u0142 wyboru_zesp\u00f3\u0142 III (plik do pobrania)<\/a><\/p>\n<hr \/>\n<p><b>Etap III naboru:<\/b> <b>Komitet Inwestycyjny<\/b> dla Zespo\u0142\u00f3w, kt\u00f3re zakwalifikowa\u0142y si\u0119 do III etapu naboru odb\u0119dzie w siedzibie <b>EXCENTO, al. Zwyci\u0119stwa 27.\u00a0<\/b><\/p>\n<p>Protok\u00f3\u0142 wyboru Zespo\u0142\u00f3w, kt\u00f3re przesz\u0142y pozytywn\u0105 weryfikacj\u0119 w ramach etapu III i zosta\u0142y rekomendowane do dofinansowania:<\/p>\n<p><a href=\"http:\/\/excento.pl\/e-pionier\/wp-content\/uploads\/2019\/11\/Protok\u00f3\u0142-wyboru_Tusze_III.pdf\">Protok\u00f3\u0142 wyboru zespo\u0142u II (plik do pobrania)<\/a><\/p>\n<hr \/>\n\t\t\t\t\t\t<h4 tabindex=\"0\">1. nab\u00f3r zespo\u0142\u00f3w interdyscyplinarnych w projekcie e-Pionier 07-03-2019 (zako\u0144czony)<\/h4>\n\t\t\t<p>Trwa <b>pierwszy nab\u00f3r<\/b> Zespo\u0142\u00f3w Interdyscyplinarnych w projekcie e-Pionier. Na zg\u0142oszenia zespo\u0142\u00f3w gotowych do rozwi\u0105zania aktywnych wyzwa\u0144 spo\u0142eczno-gospodarczych zg\u0142oszonych przez Podmioty Publiczne czekamy <b>do dnia 28 marca 2019r. <\/b><\/p>\n<p>Lista aktywnych problem\u00f3w znajduje si\u0119 w zak\u0142adce: <a href=\"http:\/\/excento.pl\/e-pionier\/wyzwania-e-pionier-2\/\">&#8220;Wyzwania e-Pionier II\u201d<\/a><\/p>\n<p>Serdecznie zapraszamy wszystkich ch\u0119tnych!<\/p>\n<hr \/>\n<p><b>Etap I naboru:<\/b> Zg\u0142oszenie Zespo\u0142u jest mo\u017cliwe tylko i wy\u0142\u0105cznie poprzez wype\u0142nienie i przes\u0142anie do nas wype\u0142nionych dokument\u00f3w aplikacyjnych. Wszystkie aktualne dokumenty reguluj\u0105ce udzia\u0142 w Projekcie e-Pionier w tym &#8220;Regulamin uczestnictwa w Projekcie e-Pionier&#8221; znajduj\u0105 si\u0119 w zak\u0142adce <a href=\"http:\/\/excento.pl\/e-pionier\/informacje-i-dokumenty-e-pionier-2\/\">&#8220;Informacje i Dokumenty\u201d<\/a><\/p>\n<p>Protok\u00f3\u0142 wyboru Zespo\u0142\u00f3w, kt\u00f3re przesz\u0142y pozytywn\u0105 weryfikacj\u0119 w ramach etapu I i zosta\u0142y zakwalifikowane do etapu II:<\/p>\n<p><a href=\"http:\/\/excento.pl\/e-pionier\/wp-content\/uploads\/2019\/08\/Protok\u00f3\u0142-wyboru_etap_I_Budzisz.pdf\">Protok\u00f3\u0142 wyboru_zesp\u00f3\u0142 I (plik do pobrania)<\/a><\/p>\n<p><a href=\"http:\/\/excento.pl\/e-pionier\/wp-content\/uploads\/2019\/08\/Protok\u00f3\u0142-wyboru_etap_I_Cejrowski.pdf\">Protok\u00f3\u0142 wyboru_zesp\u00f3\u0142 II (plik do pobrania)<\/a><\/p>\n<p><a href=\"http:\/\/excento.pl\/e-pionier\/wp-content\/uploads\/2019\/08\/Protok\u00f3\u0142-wyboru_etap_I_Jach.pdf\">Protok\u00f3\u0142 wyboru_zesp\u00f3\u0142 III (plik do pobrania)<\/a><\/p>\n<p><a href=\"http:\/\/excento.pl\/e-pionier\/wp-content\/uploads\/2019\/08\/Protok\u00f3\u0142-wyboru_etap_I_Sobecki_kolejki.pdf\">Protok\u00f3\u0142 wyboru_zesp\u00f3\u0142 IV (plik do pobrania)<\/a><\/p>\n<hr \/>\n<p><b>Etap II naboru:<\/b> <b>Cykl Konferencji<\/b> dla Zespo\u0142\u00f3w, kt\u00f3re zakwalifikowa\u0142y si\u0119 do II etapu naboru, zaplanowany jest na ok. 1,5 miesi\u0105ca od dnia zamkni\u0119cia naboru (szczeg\u00f3\u0142owy harmonogram spotka\u0144 zostanie opublikowany w p\u00f3\u017aniejszym terminie). Konferencje odbywa\u0107 si\u0119 b\u0119d\u0105 w budynkach<b> Wydzia\u0142u Elektroniki, Telekomunikacja i Informatyki Politechniki Gda\u0144skiej.<\/b><\/p>\n<p><a href=\"http:\/\/excento.pl\/e-pionier\/wp-content\/uploads\/2019\/04\/Harmonogram-I-edycji-1.pdf\">Aktualny harmonogram konferencji (plik do pobrania)<\/a><\/p>\n<p><a href=\"http:\/\/excento.pl\/e-pionier\/wp-content\/uploads\/2019\/04\/Szczeg\u00f3\u0142owy-opis-konferencji.pdf\">Szczeg\u00f3\u0142owy opis konferencji (plik do pobrania)<\/a><\/p>\n<p>Protok\u00f3\u0142 wyboru Zespo\u0142\u00f3w, kt\u00f3re przesz\u0142y pozytywn\u0105 weryfikacj\u0119 w ramach etapu II i zosta\u0142y zakwalifikowane do etapu III:<\/p>\n<p><a href=\"https:\/\/excento.pl\/e-pionier\/wp-content\/uploads\/2021\/01\/Protokol-wyboru_etap-II_Budzisz.pdf\">Protok\u00f3\u0142 wyboru_zesp\u00f3\u0142 I (plik do pobrania)<\/a><\/p>\n<p><a href=\"https:\/\/excento.pl\/e-pionier\/wp-content\/uploads\/2021\/01\/Protokol-wyboru_etap-II_Pszczoly.pdf\">Protok\u00f3\u0142 wyboru_zesp\u00f3\u0142 II (plik do pobrania)<\/a><\/p>\n<p><a href=\"https:\/\/excento.pl\/e-pionier\/wp-content\/uploads\/2021\/01\/Protokol-wyboru_etap-II_Jach.pdf\">Protok\u00f3\u0142 wyboru_zesp\u00f3\u0142 III (plik do pobrania)<\/a><\/p>\n<p><a href=\"https:\/\/excento.pl\/e-pionier\/wp-content\/uploads\/2021\/01\/Protokol-wyboru_etap-II_Sobecki.pdf\">Protok\u00f3\u0142 wyboru_zesp\u00f3\u0142 IV (plik do pobrania)<\/a><\/p>\n<hr \/>\n<p><b>Etap III naboru:<\/b> <b>Komitet Inwestycyjny<\/b> dla Zespo\u0142\u00f3w, kt\u00f3re zakwalifikowa\u0142y si\u0119 do III etapu naboru odb\u0119dzie si\u0119 14.06 o godz. 12.30\u00a0 oraz 15.07 o godz. 12.00 w siedzibie <b>EXCENTO, al. Zwyci\u0119stwa 27.<\/b><\/p>\n<p>Protok\u00f3\u0142 wyboru Zespo\u0142\u00f3w, kt\u00f3re przesz\u0142y pozytywn\u0105 weryfikacj\u0119 w ramach etapu III i zosta\u0142y rekomendowane do dofinansowania:<\/p>\n<p><a href=\"http:\/\/excento.pl\/e-pionier\/wp-content\/uploads\/2019\/08\/Protok\u00f3\u0142-wyboru_etap_III_Cejrowski.pdf\">Protok\u00f3\u0142 wyboru_zesp\u00f3\u0142 II (plik do pobrania)<\/a><\/p>\n<p><a href=\"http:\/\/excento.pl\/e-pionier\/wp-content\/uploads\/2019\/11\/Protok\u00f3\u0142-wyboru_Ko\u015bci_III.pdf\">Protok\u00f3\u0142 wyboru_zesp\u00f3\u0142 III (plik do pobrania)<\/a><\/p>\n<p><a href=\"http:\/\/excento.pl\/e-pionier\/wp-content\/uploads\/2019\/11\/Protok\u00f3\u0142-wyboru_Sobecki-III.pdf\">Protok\u00f3\u0142 wyboru zespo\u0142u IV_ I podej\u015bcie (plik do pobrania)<\/a><\/p>\n<p><a href=\"http:\/\/excento.pl\/e-pionier\/wp-content\/uploads\/2019\/11\/Protok\u00f3\u0142-wyboru_Sobecki_II-podej\u015bcie.pdf\">Protok\u00f3\u0142 wyboru zespo\u0142u IV_ II podej\u015bcie (plik do pobrania)<\/a><\/p>\n\t<h4>\n\t\t\t\tAktualne rekrutacje\n\t\t\t<\/h4>\n\t\t\t<a href=\"\/e-pionier\/rekrutacje-e-pionier-2\/\" target=\"_self\" role=\"button\" rel=\"noopener noreferrer\">\n\t\t\t\t\t\t\tAnalitycy\n\t\t<\/a>\n\t\t\t<a href=\"\/e-pionier\/rekrutacje-e-pionier-2\/\" target=\"_self\" role=\"button\" rel=\"noopener noreferrer\">\n\t\t\t\t\t\t\tProduct Owner\n\t\t<\/a>\n\t<h4>\n\t\t\t\tWyzwania e-Pionier II\n\t\t\t<\/h4>\n\t\t\t<a href=\"\/e-pionier\/wyzwania-e-pionier-2\" target=\"_self\" role=\"button\" rel=\"noopener noreferrer\">\n\t\t\t\t\t\t\tZobacz\n\t\t<\/a>\n\t<h4>\n\t\t\t\tInformacje i&nbsp;dokumenty\n\t\t\t<\/h4>\n\t\t\t<a href=\"\/e-pionier\/informacje-i-dokumenty-e-pionier-2\" target=\"_self\" role=\"button\" rel=\"noopener noreferrer\">\n\t\t\t\t\t\t\tZobacz\n\t\t<\/a>\n","protected":false},"excerpt":{"rendered":"<p>Nab\u00f3r e-Pionier II Wr\u00f3\u0107 do e-Pionier II Zespo\u0142y interdyscyplinarne 7. nab\u00f3r zespo\u0142\u00f3w interdyscyplinarnych w projekcie e-Pionier 28.05.2020 (zako\u0144czony) Trwa si\u00f3dmy\u00a0nab\u00f3r Zespo\u0142\u00f3w Interdyscyplinarnych w projekcie e-Pionier. Na zg\u0142oszenia zespo\u0142\u00f3w gotowych do rozwi\u0105zania aktywnych wyzwa\u0144 spo\u0142eczno-gospodarczych zg\u0142oszonych przez Podmioty Publiczne czekamy do dnia 18 czerwca 2020 roku.\u00a0 Zespo\u0142y interdyscyplinarne mog\u0105 ubiega\u0107 si\u0119 o 500 tys. z\u0142, a &hellip;<\/p>\n<p class=\"read-more\"> <a class=\"\" href=\"https:\/\/excento.pl\/e-pionier\/nabor-drugi\/\"> <span class=\"screen-reader-text\">Nab\u00f3r drugi<\/span> Czytaj wi\u0119cej \u00bb<\/a><\/p>\n","protected":false},"author":4,"featured_media":0,"parent":0,"menu_order":0,"comment_status":"closed","ping_status":"closed","template":"","meta":[],"_links":{"self":[{"href":"https:\/\/excento.pl\/e-pionier\/wp-json\/wp\/v2\/pages\/117"}],"collection":[{"href":"https:\/\/excento.pl\/e-pionier\/wp-json\/wp\/v2\/pages"}],"about":[{"href":"https:\/\/excento.pl\/e-pionier\/wp-json\/wp\/v2\/types\/page"}],"author":[{"embeddable":true,"href":"https:\/\/excento.pl\/e-pionier\/wp-json\/wp\/v2\/users\/4"}],"replies":[{"embeddable":true,"href":"https:\/\/excento.pl\/e-pionier\/wp-json\/wp\/v2\/comments?post=117"}],"version-history":[{"count":75,"href":"https:\/\/excento.pl\/e-pionier\/wp-json\/wp\/v2\/pages\/117\/revisions"}],"predecessor-version":[{"id":2466,"href":"https:\/\/excento.pl\/e-pionier\/wp-json\/wp\/v2\/pages\/117\/revisions\/2466"}],"wp:attachment":[{"href":"https:\/\/excento.pl\/e-pionier\/wp-json\/wp\/v2\/media?parent=117"}],"curies":[{"name":"wp","href":"https:\/\/api.w.org\/{rel}","templated":true}]}}